{"id":2613,"date":"2014-12-29T10:17:07","date_gmt":"2014-12-29T10:17:07","guid":{"rendered":"http:\/\/restaurantecasaangel.com\/wp-content\/uploads\/2014\/12\/Roc\u00edo-Ferrer-Restaurante-casa-\u00c1ngel-\u200eRam\u00f3n-Carreres-Director-Departamento-del-Arroz-IVIA-y-Vicente-Ferrer-Restaurante-casa-\u00c1ngel.jpg"},"modified":"2014-12-29T10:17:07","modified_gmt":"2014-12-29T10:17:07","slug":"rocio-ferrer-restaurante-casa-angel-%e2%80%8eramon-carreres-director-departamento-del-arroz-ivia-y-vicente-ferrer-restaurante-casa-angel-2","status":"inherit","type":"attachment","link":"https:\/\/restaurantecasaangel.com\/en\/rocio-ferrer-restaurante-casa-angel-%e2%80%8eramon-carreres-director-departamento-del-arroz-ivia-y-vicente-ferrer-restaurante-casa-angel-2\/","title":{"rendered":"Roc\u00edo Ferrer (Restaurante casa \u00c1ngel), \u200eRam\u00f3n Carreres (Director Departamento del Arroz &#8211; IVIA) y Vicente Ferrer (Restaurante casa \u00c1ngel)"},"author":1,"featured_media":0,"comment_status":"open","ping_status":"open","template":"","meta":[],"class_list":["post-2613","attachment","type-attachment","status-inherit","hentry"],"yoast_head":"<!-- This site is optimized with the Yoast SEO plugin v27.3 - https:\/\/yoast.com\/product\/yoast-seo-wordpress\/ -->\n<title>Roc\u00edo Ferrer (Restaurante casa \u00c1ngel), \u200eRam\u00f3n Carreres (Director Departamento del Arroz - IVIA) y Vicente Ferrer (Restaurante casa \u00c1ngel) - Restaurante Casa Angel<\/title>\n<meta name=\"robots\" content=\"index, follow, max-snippet:-1, max-image-preview:large, max-video-preview:-1\" \/>\n<link rel=\"canonical\" href=\"https:\/\/restaurantecasaangel.com\/wp-content\/uploads\/2014\/12\/Roc\u00edo-Ferrer-Restaurante-casa-\u00c1ngel-\u200eRam\u00f3n-Carreres-Director-Departamento-del-Arroz-IVIA-y-Vicente-Ferrer-Restaurante-casa-\u00c1ngel.jpg\" \/>\n<meta property=\"og:locale\" content=\"en_US\" \/>\n<meta property=\"og:type\" content=\"article\" \/>\n<meta property=\"og:title\" content=\"Roc\u00edo Ferrer (Restaurante casa \u00c1ngel), \u200eRam\u00f3n Carreres (Director Departamento del Arroz - IVIA) y Vicente Ferrer (Restaurante casa \u00c1ngel) - Restaurante Casa Angel\" \/>\n<meta property=\"og:description\" content=\"Roc\u00edo Ferrer (Casa \u00c1ngel),Ram\u00f3n Carreres (Dr. Dpto. del Arroz en el IVIA y Vicente Ferrer (Casa \u00c1ngel)\" \/>\n<meta property=\"og:url\" content=\"https:\/\/restaurantecasaangel.com\/wp-content\/uploads\/2014\/12\/Roc\u00edo-Ferrer-Restaurante-casa-\u00c1ngel-\u200eRam\u00f3n-Carreres-Director-Departamento-del-Arroz-IVIA-y-Vicente-Ferrer-Restaurante-casa-\u00c1ngel.jpg\" \/>\n<meta property=\"og:site_name\" content=\"Restaurante Casa Angel\" \/>\n<meta property=\"og:image\" content=\"https:\/\/restaurantecasaangel.com\/wp-content\/uploads\/2014\/12\/Roc\u00edo-Ferrer-Restaurante-casa-\u00c1ngel-\u200eRam\u00f3n-Carreres-Director-Departamento-del-Arroz-IVIA-y-Vicente-Ferrer-Restaurante-casa-\u00c1ngel.jpg\" \/>\n\t<meta property=\"og:image:width\" content=\"710\" \/>\n\t<meta property=\"og:image:height\" content=\"516\" \/>\n\t<meta property=\"og:image:type\" content=\"image\/jpeg\" \/>\n<script type=\"application\/ld+json\" class=\"yoast-schema-graph\">{\"@context\":\"https:\\\/\\\/schema.org\",\"@graph\":[{\"@type\":\"WebPage\",\"@id\":\"https:\\\/\\\/restaurantecasaangel.com\\\/wp-content\\\/uploads\\\/2014\\\/12\\\/Roc\u00edo-Ferrer-Restaurante-casa-\u00c1ngel-\u200eRam\u00f3n-Carreres-Director-Departamento-del-Arroz-IVIA-y-Vicente-Ferrer-Restaurante-casa-\u00c1ngel.jpg\",\"url\":\"https:\\\/\\\/restaurantecasaangel.com\\\/wp-content\\\/uploads\\\/2014\\\/12\\\/Roc\u00edo-Ferrer-Restaurante-casa-\u00c1ngel-\u200eRam\u00f3n-Carreres-Director-Departamento-del-Arroz-IVIA-y-Vicente-Ferrer-Restaurante-casa-\u00c1ngel.jpg\",\"name\":\"Roc\u00edo Ferrer (Restaurante casa \u00c1ngel), \u200eRam\u00f3n Carreres (Director Departamento del Arroz - IVIA) y Vicente Ferrer (Restaurante casa \u00c1ngel) - Restaurante Casa Angel\",\"isPartOf\":{\"@id\":\"https:\\\/\\\/restaurantecasaangel.com\\\/#website\"},\"datePublished\":\"2014-12-29T10:17:07+00:00\",\"breadcrumb\":{\"@id\":\"https:\\\/\\\/restaurantecasaangel.com\\\/wp-content\\\/uploads\\\/2014\\\/12\\\/Roc\u00edo-Ferrer-Restaurante-casa-\u00c1ngel-\u200eRam\u00f3n-Carreres-Director-Departamento-del-Arroz-IVIA-y-Vicente-Ferrer-Restaurante-casa-\u00c1ngel.jpg#breadcrumb\"},\"inLanguage\":\"en-US\",\"potentialAction\":[{\"@type\":\"ReadAction\",\"target\":[\"https:\\\/\\\/restaurantecasaangel.com\\\/wp-content\\\/uploads\\\/2014\\\/12\\\/Roc\u00edo-Ferrer-Restaurante-casa-\u00c1ngel-\u200eRam\u00f3n-Carreres-Director-Departamento-del-Arroz-IVIA-y-Vicente-Ferrer-Restaurante-casa-\u00c1ngel.jpg\"]}]},{\"@type\":\"BreadcrumbList\",\"@id\":\"https:\\\/\\\/restaurantecasaangel.com\\\/wp-content\\\/uploads\\\/2014\\\/12\\\/Roc\u00edo-Ferrer-Restaurante-casa-\u00c1ngel-\u200eRam\u00f3n-Carreres-Director-Departamento-del-Arroz-IVIA-y-Vicente-Ferrer-Restaurante-casa-\u00c1ngel.jpg#breadcrumb\",\"itemListElement\":[{\"@type\":\"ListItem\",\"position\":1,\"name\":\"Portada\",\"item\":\"https:\\\/\\\/restaurantecasaangel.com\\\/en\\\/restaurant-at-palmar\\\/\"},{\"@type\":\"ListItem\",\"position\":2,\"name\":\"Roc\u00edo Ferrer (Restaurante casa \u00c1ngel), \u200eRam\u00f3n Carreres (Director Departamento del Arroz &#8211; IVIA) y Vicente Ferrer (Restaurante casa \u00c1ngel)\"}]},{\"@type\":\"WebSite\",\"@id\":\"https:\\\/\\\/restaurantecasaangel.com\\\/#website\",\"url\":\"https:\\\/\\\/restaurantecasaangel.com\\\/\",\"name\":\"Restaurante Casa Angel\",\"description\":\"Cocina tradicional Valenciana\",\"potentialAction\":[{\"@type\":\"SearchAction\",\"target\":{\"@type\":\"EntryPoint\",\"urlTemplate\":\"https:\\\/\\\/restaurantecasaangel.com\\\/?s={search_term_string}\"},\"query-input\":{\"@type\":\"PropertyValueSpecification\",\"valueRequired\":true,\"valueName\":\"search_term_string\"}}],\"inLanguage\":\"en-US\"}]}<\/script>\n<!-- \/ Yoast SEO plugin. -->","yoast_head_json":{"title":"Roc\u00edo Ferrer (Restaurante casa \u00c1ngel), \u200eRam\u00f3n Carreres (Director Departamento del Arroz - IVIA) y Vicente Ferrer (Restaurante casa \u00c1ngel) - Restaurante Casa Angel","robots":{"index":"index","follow":"follow","max-snippet":"max-snippet:-1","max-image-preview":"max-image-preview:large","max-video-preview":"max-video-preview:-1"},"canonical":"https:\/\/restaurantecasaangel.com\/wp-content\/uploads\/2014\/12\/Roc\u00edo-Ferrer-Restaurante-casa-\u00c1ngel-\u200eRam\u00f3n-Carreres-Director-Departamento-del-Arroz-IVIA-y-Vicente-Ferrer-Restaurante-casa-\u00c1ngel.jpg","og_locale":"en_US","og_type":"article","og_title":"Roc\u00edo Ferrer (Restaurante casa \u00c1ngel), \u200eRam\u00f3n Carreres (Director Departamento del Arroz - IVIA) y Vicente Ferrer (Restaurante casa \u00c1ngel) - Restaurante Casa Angel","og_description":"Roc\u00edo Ferrer (Casa \u00c1ngel),Ram\u00f3n Carreres (Dr. Dpto. del Arroz en el IVIA y Vicente Ferrer (Casa \u00c1ngel)","og_url":"https:\/\/restaurantecasaangel.com\/wp-content\/uploads\/2014\/12\/Roc\u00edo-Ferrer-Restaurante-casa-\u00c1ngel-\u200eRam\u00f3n-Carreres-Director-Departamento-del-Arroz-IVIA-y-Vicente-Ferrer-Restaurante-casa-\u00c1ngel.jpg","og_site_name":"Restaurante Casa Angel","og_image":[{"width":710,"height":516,"url":"https:\/\/restaurantecasaangel.com\/wp-content\/uploads\/2014\/12\/Roc\u00edo-Ferrer-Restaurante-casa-\u00c1ngel-\u200eRam\u00f3n-Carreres-Director-Departamento-del-Arroz-IVIA-y-Vicente-Ferrer-Restaurante-casa-\u00c1ngel.jpg","type":"image\/jpeg"}],"schema":{"@context":"https:\/\/schema.org","@graph":[{"@type":"WebPage","@id":"https:\/\/restaurantecasaangel.com\/wp-content\/uploads\/2014\/12\/Roc\u00edo-Ferrer-Restaurante-casa-\u00c1ngel-\u200eRam\u00f3n-Carreres-Director-Departamento-del-Arroz-IVIA-y-Vicente-Ferrer-Restaurante-casa-\u00c1ngel.jpg","url":"https:\/\/restaurantecasaangel.com\/wp-content\/uploads\/2014\/12\/Roc\u00edo-Ferrer-Restaurante-casa-\u00c1ngel-\u200eRam\u00f3n-Carreres-Director-Departamento-del-Arroz-IVIA-y-Vicente-Ferrer-Restaurante-casa-\u00c1ngel.jpg","name":"Roc\u00edo Ferrer (Restaurante casa \u00c1ngel), \u200eRam\u00f3n Carreres (Director Departamento del Arroz - IVIA) y Vicente Ferrer (Restaurante casa \u00c1ngel) - Restaurante Casa Angel","isPartOf":{"@id":"https:\/\/restaurantecasaangel.com\/#website"},"datePublished":"2014-12-29T10:17:07+00:00","breadcrumb":{"@id":"https:\/\/restaurantecasaangel.com\/wp-content\/uploads\/2014\/12\/Roc\u00edo-Ferrer-Restaurante-casa-\u00c1ngel-\u200eRam\u00f3n-Carreres-Director-Departamento-del-Arroz-IVIA-y-Vicente-Ferrer-Restaurante-casa-\u00c1ngel.jpg#breadcrumb"},"inLanguage":"en-US","potentialAction":[{"@type":"ReadAction","target":["https:\/\/restaurantecasaangel.com\/wp-content\/uploads\/2014\/12\/Roc\u00edo-Ferrer-Restaurante-casa-\u00c1ngel-\u200eRam\u00f3n-Carreres-Director-Departamento-del-Arroz-IVIA-y-Vicente-Ferrer-Restaurante-casa-\u00c1ngel.jpg"]}]},{"@type":"BreadcrumbList","@id":"https:\/\/restaurantecasaangel.com\/wp-content\/uploads\/2014\/12\/Roc\u00edo-Ferrer-Restaurante-casa-\u00c1ngel-\u200eRam\u00f3n-Carreres-Director-Departamento-del-Arroz-IVIA-y-Vicente-Ferrer-Restaurante-casa-\u00c1ngel.jpg#breadcrumb","itemListElement":[{"@type":"ListItem","position":1,"name":"Portada","item":"https:\/\/restaurantecasaangel.com\/en\/restaurant-at-palmar\/"},{"@type":"ListItem","position":2,"name":"Roc\u00edo Ferrer (Restaurante casa \u00c1ngel), \u200eRam\u00f3n Carreres (Director Departamento del Arroz &#8211; IVIA) y Vicente Ferrer (Restaurante casa \u00c1ngel)"}]},{"@type":"WebSite","@id":"https:\/\/restaurantecasaangel.com\/#website","url":"https:\/\/restaurantecasaangel.com\/","name":"Restaurante Casa Angel","description":"Cocina tradicional Valenciana","potentialAction":[{"@type":"SearchAction","target":{"@type":"EntryPoint","urlTemplate":"https:\/\/restaurantecasaangel.com\/?s={search_term_string}"},"query-input":{"@type":"PropertyValueSpecification","valueRequired":true,"valueName":"search_term_string"}}],"inLanguage":"en-US"}]}},"smush":"Not processed","description":{"rendered":"<p class=\"attachment\"><a href='https:\/\/restaurantecasaangel.com\/wp-content\/uploads\/2014\/12\/Roc\u00edo-Ferrer-Restaurante-casa-\u00c1ngel-\u200eRam\u00f3n-Carreres-Director-Departamento-del-Arroz-IVIA-y-Vicente-Ferrer-Restaurante-casa-\u00c1ngel.jpg'><img loading=\"lazy\" decoding=\"async\" width=\"300\" height=\"218\" src=\"https:\/\/restaurantecasaangel.com\/wp-content\/uploads\/2014\/12\/Roc\u00edo-Ferrer-Restaurante-casa-\u00c1ngel-\u200eRam\u00f3n-Carreres-Director-Departamento-del-Arroz-IVIA-y-Vicente-Ferrer-Restaurante-casa-\u00c1ngel-300x218.jpg\" class=\"attachment-medium size-medium\" alt=\"\" srcset=\"https:\/\/restaurantecasaangel.com\/wp-content\/uploads\/2014\/12\/Roc\u00edo-Ferrer-Restaurante-casa-\u00c1ngel-\u200eRam\u00f3n-Carreres-Director-Departamento-del-Arroz-IVIA-y-Vicente-Ferrer-Restaurante-casa-\u00c1ngel-300x218.jpg 300w, https:\/\/restaurantecasaangel.com\/wp-content\/uploads\/2014\/12\/Roc\u00edo-Ferrer-Restaurante-casa-\u00c1ngel-\u200eRam\u00f3n-Carreres-Director-Departamento-del-Arroz-IVIA-y-Vicente-Ferrer-Restaurante-casa-\u00c1ngel-220x160.jpg 220w, https:\/\/restaurantecasaangel.com\/wp-content\/uploads\/2014\/12\/Roc\u00edo-Ferrer-Restaurante-casa-\u00c1ngel-\u200eRam\u00f3n-Carreres-Director-Departamento-del-Arroz-IVIA-y-Vicente-Ferrer-Restaurante-casa-\u00c1ngel-250x182.jpg 250w, https:\/\/restaurantecasaangel.com\/wp-content\/uploads\/2014\/12\/Roc\u00edo-Ferrer-Restaurante-casa-\u00c1ngel-\u200eRam\u00f3n-Carreres-Director-Departamento-del-Arroz-IVIA-y-Vicente-Ferrer-Restaurante-casa-\u00c1ngel-355x258.jpg 355w, https:\/\/restaurantecasaangel.com\/wp-content\/uploads\/2014\/12\/Roc\u00edo-Ferrer-Restaurante-casa-\u00c1ngel-\u200eRam\u00f3n-Carreres-Director-Departamento-del-Arroz-IVIA-y-Vicente-Ferrer-Restaurante-casa-\u00c1ngel-90x65.jpg 90w, https:\/\/restaurantecasaangel.com\/wp-content\/uploads\/2014\/12\/Roc\u00edo-Ferrer-Restaurante-casa-\u00c1ngel-\u200eRam\u00f3n-Carreres-Director-Departamento-del-Arroz-IVIA-y-Vicente-Ferrer-Restaurante-casa-\u00c1ngel.jpg 710w\" sizes=\"auto, (max-width: 300px) 100vw, 300px\" \/><\/a><\/p>\n"},"caption":{"rendered":"<p>Roc\u00edo Ferrer (Casa \u00c1ngel),Ram\u00f3n Carreres (Dr. Dpto. del Arroz en el IVIA y Vicente Ferrer (Casa \u00c1ngel) <\/p>\n"},"alt_text":"","media_type":"image","mime_type":"image\/jpeg","media_details":{"width":710,"height":516,"file":"2014\/12\/Roc\u00edo-Ferrer-Restaurante-casa-\u00c1ngel-\u200eRam\u00f3n-Carreres-Director-Departamento-del-Arroz-IVIA-y-Vicente-Ferrer-Restaurante-casa-\u00c1ngel.jpg","sizes":{"thumbnail":{"file":"Roc\u00edo-Ferrer-Restaurante-casa-\u00c1ngel-\u200eRam\u00f3n-Carreres-Director-Departamento-del-Arroz-IVIA-y-Vicente-Ferrer-Restaurante-casa-\u00c1ngel-150x150.jpg","width":150,"height":150,"mime_type":"image\/jpeg","source_url":"https:\/\/restaurantecasaangel.com\/wp-content\/uploads\/2014\/12\/Roc\u00edo-Ferrer-Restaurante-casa-\u00c1ngel-\u200eRam\u00f3n-Carreres-Director-Departamento-del-Arroz-IVIA-y-Vicente-Ferrer-Restaurante-casa-\u00c1ngel-150x150.jpg"},"medium":{"file":"Roc\u00edo-Ferrer-Restaurante-casa-\u00c1ngel-\u200eRam\u00f3n-Carreres-Director-Departamento-del-Arroz-IVIA-y-Vicente-Ferrer-Restaurante-casa-\u00c1ngel-300x218.jpg","width":300,"height":218,"mime_type":"image\/jpeg","source_url":"https:\/\/restaurantecasaangel.com\/wp-content\/uploads\/2014\/12\/Roc\u00edo-Ferrer-Restaurante-casa-\u00c1ngel-\u200eRam\u00f3n-Carreres-Director-Departamento-del-Arroz-IVIA-y-Vicente-Ferrer-Restaurante-casa-\u00c1ngel-300x218.jpg"},"shareaholic-thumbnail":{"file":"Roc\u00edo-Ferrer-Restaurante-casa-\u00c1ngel-\u200eRam\u00f3n-Carreres-Director-Departamento-del-Arroz-IVIA-y-Vicente-Ferrer-Restaurante-casa-\u00c1ngel-300x218.jpg","width":300,"height":218,"mime_type":"image\/jpeg","source_url":"https:\/\/restaurantecasaangel.com\/wp-content\/uploads\/2014\/12\/Roc\u00edo-Ferrer-Restaurante-casa-\u00c1ngel-\u200eRam\u00f3n-Carreres-Director-Departamento-del-Arroz-IVIA-y-Vicente-Ferrer-Restaurante-casa-\u00c1ngel-300x218.jpg"},"post-thumbnail":{"file":"Roc\u00edo-Ferrer-Restaurante-casa-\u00c1ngel-\u200eRam\u00f3n-Carreres-Director-Departamento-del-Arroz-IVIA-y-Vicente-Ferrer-Restaurante-casa-\u00c1ngel-220x160.jpg","width":220,"height":160,"mime_type":"image\/jpeg","source_url":"https:\/\/restaurantecasaangel.com\/wp-content\/uploads\/2014\/12\/Roc\u00edo-Ferrer-Restaurante-casa-\u00c1ngel-\u200eRam\u00f3n-Carreres-Director-Departamento-del-Arroz-IVIA-y-Vicente-Ferrer-Restaurante-casa-\u00c1ngel-220x160.jpg"},"featured-thumb":{"file":"Roc\u00edo-Ferrer-Restaurante-casa-\u00c1ngel-\u200eRam\u00f3n-Carreres-Director-Departamento-del-Arroz-IVIA-y-Vicente-Ferrer-Restaurante-casa-\u00c1ngel-250x182.jpg","width":250,"height":182,"mime_type":"image\/jpeg","source_url":"https:\/\/restaurantecasaangel.com\/wp-content\/uploads\/2014\/12\/Roc\u00edo-Ferrer-Restaurante-casa-\u00c1ngel-\u200eRam\u00f3n-Carreres-Director-Departamento-del-Arroz-IVIA-y-Vicente-Ferrer-Restaurante-casa-\u00c1ngel-250x182.jpg"},"loop-thumb":{"file":"Roc\u00edo-Ferrer-Restaurante-casa-\u00c1ngel-\u200eRam\u00f3n-Carreres-Director-Departamento-del-Arroz-IVIA-y-Vicente-Ferrer-Restaurante-casa-\u00c1ngel-355x258.jpg","width":355,"height":258,"mime_type":"image\/jpeg","source_url":"https:\/\/restaurantecasaangel.com\/wp-content\/uploads\/2014\/12\/Roc\u00edo-Ferrer-Restaurante-casa-\u00c1ngel-\u200eRam\u00f3n-Carreres-Director-Departamento-del-Arroz-IVIA-y-Vicente-Ferrer-Restaurante-casa-\u00c1ngel-355x258.jpg"},"related-thumb":{"file":"Roc\u00edo-Ferrer-Restaurante-casa-\u00c1ngel-\u200eRam\u00f3n-Carreres-Director-Departamento-del-Arroz-IVIA-y-Vicente-Ferrer-Restaurante-casa-\u00c1ngel-90x65.jpg","width":90,"height":65,"mime_type":"image\/jpeg","source_url":"https:\/\/restaurantecasaangel.com\/wp-content\/uploads\/2014\/12\/Roc\u00edo-Ferrer-Restaurante-casa-\u00c1ngel-\u200eRam\u00f3n-Carreres-Director-Departamento-del-Arroz-IVIA-y-Vicente-Ferrer-Restaurante-casa-\u00c1ngel-90x65.jpg"},"full":{"file":"Roc\u00edo-Ferrer-Restaurante-casa-\u00c1ngel-\u200eRam\u00f3n-Carreres-Director-Departamento-del-Arroz-IVIA-y-Vicente-Ferrer-Restaurante-casa-\u00c1ngel.jpg","width":710,"height":516,"mime_type":"image\/jpeg","source_url":"https:\/\/restaurantecasaangel.com\/wp-content\/uploads\/2014\/12\/Roc\u00edo-Ferrer-Restaurante-casa-\u00c1ngel-\u200eRam\u00f3n-Carreres-Director-Departamento-del-Arroz-IVIA-y-Vicente-Ferrer-Restaurante-casa-\u00c1ngel.jpg"}},"image_meta":{"aperture":0,"credit":"Miriam Ballester Sales","camera":"","caption":"","created_timestamp":1419850074,"copyright":"","focal_length":0,"iso":0,"shutter_speed":0,"title":"","orientation":0}},"post":null,"source_url":"https:\/\/restaurantecasaangel.com\/wp-content\/uploads\/2014\/12\/Roc\u00edo-Ferrer-Restaurante-casa-\u00c1ngel-\u200eRam\u00f3n-Carreres-Director-Departamento-del-Arroz-IVIA-y-Vicente-Ferrer-Restaurante-casa-\u00c1ngel.jpg","_links":{"self":[{"href":"https:\/\/restaurantecasaangel.com\/en\/wp-json\/wp\/v2\/media\/2613","targetHints":{"allow":["GET"]}}],"collection":[{"href":"https:\/\/restaurantecasaangel.com\/en\/wp-json\/wp\/v2\/media"}],"about":[{"href":"https:\/\/restaurantecasaangel.com\/en\/wp-json\/wp\/v2\/types\/attachment"}],"author":[{"embeddable":true,"href":"https:\/\/restaurantecasaangel.com\/en\/wp-json\/wp\/v2\/users\/1"}],"replies":[{"embeddable":true,"href":"https:\/\/restaurantecasaangel.com\/en\/wp-json\/wp\/v2\/comments?post=2613"}]}}